{"id":407,"date":"2025-03-07T09:37:12","date_gmt":"2025-03-07T08:37:12","guid":{"rendered":"https:\/\/cadmin-gestio.com\/servicios\/"},"modified":"2025-03-28T09:13:52","modified_gmt":"2025-03-28T08:13:52","slug":"servicios","status":"publish","type":"page","link":"https:\/\/www.cadmin-gestio.com\/es\/servicios\/","title":{"rendered":"Servicios"},"content":{"rendered":"<p>[et_pb_section fb_built=\u00bb1&#8243; module_id=\u00bbservicios-administrativos\u00bb _builder_version=\u00bb4.27.4&#8243; _module_preset=\u00bbdefault\u00bb background_enable_color=\u00bboff\u00bb use_background_color_gradient=\u00bbon\u00bb background_color_gradient_direction=\u00bb90deg\u00bb background_color_gradient_stops=\u00bb#fdf9ea 50%|#ffffff 50%\u00bb background_image=\u00bbhttp:\/\/cadmin-gestio.com\/wp-content\/uploads\/cadmin-gestoria-serveis-administratius-fondo.svg\u00bb background_size=\u00bbcustom\u00bb background_position=\u00bbcenter_left\u00bb custom_padding=\u00bb0px||0px||true|false\u00bb background_color_tablet=\u00bb#fdf9ea\u00bb background_last_edited=\u00bbon|tablet\u00bb background_enable_color_tablet=\u00bbon\u00bb use_background_color_gradient_tablet=\u00bboff\u00bb background_enable_image_tablet=\u00bboff\u00bb background_image_width_tablet=\u00bb200px\u00bb background_image_width_phone=\u00bb200px\u00bb global_colors_info=\u00bb{}\u00bb][et_pb_row column_structure=\u00bb1_2,1_2&#8243; _builder_version=\u00bb4.27.4&#8243; _module_preset=\u00bbdefault\u00bb width=\u00bb90%\u00bb global_colors_info=\u00bb{}\u00bb][et_pb_column type=\u00bb1_2&#8243; _builder_version=\u00bb4.27.4&#8243; _module_preset=\u00bbdefault\u00bb background_enable_color=\u00bboff\u00bb custom_padding=\u00bb2em|2em|2em|2em|true|true\u00bb custom_padding_tablet=\u00bb0em|0em|0em|0em|true|true\u00bb custom_padding_phone=\u00bb0em|0em|0em|0em|true|true\u00bb custom_padding_last_edited=\u00bbon|tablet\u00bb global_colors_info=\u00bb{}\u00bb][et_pb_text _builder_version=\u00bb4.27.4&#8243; _module_preset=\u00bbdefault\u00bb header_font_size=\u00bb35px\u00bb global_colors_info=\u00bb{}\u00bb]<\/p>\n<h1><em><strong>Servicios administrativos<br \/><\/strong><\/em> Libera tu tiempo<\/h1>\n<p>[\/et_pb_text][et_pb_text _builder_version=\u00bb4.27.4&#8243; _module_preset=\u00bbdefault\u00bb global_colors_info=\u00bb{}\u00bb]<\/p>\n<ul>\n<li><strong>Certificado digital<\/strong><\/li>\n<li><strong>Apoyo administraciones p\u00fablicas<\/strong><\/li>\n<li><strong>Gesti\u00f3n de plataformas de documentaci\u00f3n externas<\/strong><\/li>\n<li><strong>Capitalizaci\u00f3n paro<\/strong><\/li>\n<li><strong>Alta aut\u00f3nomos y PYMES, somos centro PAE.<\/strong><\/li>\n<\/ul>\n<p>[\/et_pb_text][\/et_pb_column][et_pb_column type=\u00bb1_2&#8243; _builder_version=\u00bb4.27.4&#8243; _module_preset=\u00bbdefault\u00bb custom_padding=\u00bb2em|2em|2em|2em|true|true\u00bb custom_padding_tablet=\u00bb0em|0em|0em|0em|true|true\u00bb custom_padding_phone=\u00bb0em|0em|0em|0em|true|true\u00bb custom_padding_last_edited=\u00bbon|tablet\u00bb global_colors_info=\u00bb{}\u00bb][et_pb_blurb image=\u00bbhttp:\/\/cadmin-gestio.com\/wp-content\/uploads\/cadmin-gestoria-serveis-administratius-dibujo.svg\u00bb image_icon_width=\u00bb200px\u00bb content_max_width=\u00bb100%\u00bb image_icon_width_tablet=\u00bb200px\u00bb image_icon_width_phone=\u00bb150px\u00bb image_icon_width_last_edited=\u00bbon|phone\u00bb _builder_version=\u00bb4.27.4&#8243; _module_preset=\u00bbdefault\u00bb global_colors_info=\u00bb{}\u00bb]<\/p>\n<p>En Cadmin Gesti\u00f3 ofrecemos un servicio integral para todas tus gestiones administrativas, adaptado a tus necesidades. Nos encargamos de la tramitaci\u00f3n de documentos oficiales, presentaci\u00f3n de impuestos, obtenci\u00f3n de certificados y cualquier gesti\u00f3n burocr\u00e1tica que requiera eficacia y precisi\u00f3n. Con nuestra experiencia, garantizamos soluciones \u00e1giles, personalizadas y sin complicaciones, para que puedas centrarte en lo que realmente importa.<\/p>\n<p>[\/et_pb_blurb][\/et_pb_column][\/et_pb_row][\/et_pb_section][et_pb_section fb_built=\u00bb1&#8243; module_id=\u00bbcontabilidad\u00bb _builder_version=\u00bb4.27.4&#8243; _module_preset=\u00bbdefault\u00bb background_enable_color=\u00bboff\u00bb use_background_color_gradient=\u00bbon\u00bb background_color_gradient_direction=\u00bb90deg\u00bb background_color_gradient_stops=\u00bb#ffffff 50%|#fdf9ea 50%\u00bb background_image=\u00bbhttp:\/\/cadmin-gestio.com\/wp-content\/uploads\/cadmin-gestoria-comptabilitat-fondo.svg\u00bb background_size=\u00bbinitial\u00bb background_position=\u00bbcenter_right\u00bb custom_padding=\u00bb0px||0px||true|false\u00bb background_last_edited=\u00bbon|phone\u00bb use_background_color_gradient_tablet=\u00bboff\u00bb background_enable_image_tablet=\u00bboff\u00bb background_image_width_tablet=\u00bb200px\u00bb background_image_width_phone=\u00bb200px\u00bb locked=\u00bboff\u00bb global_colors_info=\u00bb{}\u00bb][et_pb_row column_structure=\u00bb1_2,1_2&#8243; custom_padding_last_edited=\u00bbon|tablet\u00bb _builder_version=\u00bb4.27.4&#8243; _module_preset=\u00bbdefault\u00bb width=\u00bb90%\u00bb custom_padding_tablet=\u00bb||0px||false|false\u00bb custom_padding_phone=\u00bb||0px||false|false\u00bb global_colors_info=\u00bb{}\u00bb custom_css_main_element_last_edited=\u00bbon|tablet\u00bb custom_css_main_element_tablet=\u00bbdisplay:flex;||flex-flow:column-reverse;\u00bb custom_css_main_element_phone=\u00bbdisplay:flex;||flex-flow:column-reverse;\u00bb][et_pb_column type=\u00bb1_2&#8243; _builder_version=\u00bb4.27.4&#8243; _module_preset=\u00bbdefault\u00bb background_enable_color=\u00bboff\u00bb custom_padding=\u00bb2em|2em|2em|2em|true|true\u00bb custom_padding_tablet=\u00bb0em|0em|0em|0em|true|true\u00bb custom_padding_phone=\u00bb0em|0em|0em|0em|true|true\u00bb custom_padding_last_edited=\u00bbon|tablet\u00bb global_colors_info=\u00bb{}\u00bb][et_pb_blurb image=\u00bbhttp:\/\/cadmin-gestio.com\/wp-content\/uploads\/cadmin-gestoria-comptabilitat-dibujo.svg\u00bb image_icon_width=\u00bb220px\u00bb content_max_width=\u00bb100%\u00bb image_icon_width_tablet=\u00bb250px\u00bb image_icon_width_phone=\u00bb200px\u00bb image_icon_width_last_edited=\u00bbon|phone\u00bb _builder_version=\u00bb4.27.4&#8243; _module_preset=\u00bbdefault\u00bb global_colors_info=\u00bb{}\u00bb]<\/p>\n<p>Como gestor\u00eda ofrecemos un servicio de contabilidad completo y personalizado, dise\u00f1ado para ayudarte a gestionar tus cuentas con total confianza y precisi\u00f3n. Nos ocupamos de la gesti\u00f3n contable diaria, la elaboraci\u00f3n de informes financieros detallados y el an\u00e1lisis de ingresos y gastos para garantizar un \u00f3ptimo control de tus recursos.<\/p>\n<p>Adem\u00e1s aseguramos el cumplimiento de todas las obligaciones fiscales, proporcionando soluciones adaptadas a tus necesidades. Con nuestra experiencia puedes contar con una contabilidad eficiente y sin complicaciones.<\/p>\n<p>[\/et_pb_blurb][\/et_pb_column][et_pb_column type=\u00bb1_2&#8243; _builder_version=\u00bb4.27.4&#8243; _module_preset=\u00bbdefault\u00bb custom_padding=\u00bb2em|2em|2em|2em|true|true\u00bb custom_padding_tablet=\u00bb0em|0em|0em|0em|true|true\u00bb custom_padding_phone=\u00bb0em|0em|0em|0em|true|true\u00bb custom_padding_last_edited=\u00bbon|tablet\u00bb global_colors_info=\u00bb{}\u00bb][et_pb_text _builder_version=\u00bb4.27.4&#8243; _module_preset=\u00bbdefault\u00bb global_colors_info=\u00bb{}\u00bb]<\/p>\n<h2><em><strong>Contabilidad<br \/><\/strong><\/em> Las cuentas claras<\/h2>\n<p>[\/et_pb_text][et_pb_text _builder_version=\u00bb4.27.4&#8243; _module_preset=\u00bbdefault\u00bb custom_margin=\u00bb||0px||false|false\u00bb custom_margin_tablet=\u00bb||0px||false|false\u00bb custom_margin_phone=\u00bb||0px||false|false\u00bb custom_margin_last_edited=\u00bbon|tablet\u00bb global_colors_info=\u00bb{}\u00bb]<\/p>\n<ul>\n<li>Facilitamos un <strong>programa de facturaci\u00f3n Online<\/strong> , adaptado a tus necesidades donde nosotros tambi\u00e9n tenemos acceso para darte el apoyo que requieras.<\/li>\n<\/ul>\n<p>[\/et_pb_text][et_pb_button button_url=\u00bbhttps:\/\/cadmin.contasimple.com\/\u00bb button_text=\u00bbAcceder\u00bb _builder_version=\u00bb4.27.4&#8243; _module_preset=\u00bbdefault\u00bb custom_margin=\u00bb||3em||false|false\u00bb hover_enabled=\u00bb0&#8243; global_colors_info=\u00bb{}\u00bb sticky_enabled=\u00bb0&#8243;][\/et_pb_button][et_pb_text _builder_version=\u00bb4.27.4&#8243; _module_preset=\u00bbdefault\u00bb global_colors_info=\u00bb{}\u00bb]<\/p>\n<ul>\n<li><strong>Registro de facturas<\/strong><\/li>\n<li><strong>Todo el ciclo contable desde registro hasta la conciliaci\u00f3n bancaria<\/strong>, en el caso de las PYMES.<\/li>\n<\/ul>\n<p>[\/et_pb_text][\/et_pb_column][\/et_pb_row][\/et_pb_section][et_pb_section fb_built=\u00bb1&#8243; module_id=\u00bbfiscal\u00bb _builder_version=\u00bb4.27.4&#8243; _module_preset=\u00bbdefault\u00bb background_enable_color=\u00bboff\u00bb use_background_color_gradient=\u00bbon\u00bb background_color_gradient_direction=\u00bb90deg\u00bb background_color_gradient_stops=\u00bb#fdf9ea 50%|#ffffff 50%\u00bb background_image=\u00bbhttp:\/\/cadmin-gestio.com\/wp-content\/uploads\/cadmin-gestoria-fiscal-fondo.svg\u00bb background_size=\u00bbcustom\u00bb background_position=\u00bbcenter_left\u00bb custom_padding=\u00bb0px||0px||true|false\u00bb background_color_tablet=\u00bb#fdf9ea\u00bb background_last_edited=\u00bbon|phone\u00bb background_enable_color_tablet=\u00bbon\u00bb use_background_color_gradient_tablet=\u00bboff\u00bb background_enable_image_tablet=\u00bboff\u00bb background_image_width_tablet=\u00bb200px\u00bb background_image_width_phone=\u00bb200px\u00bb locked=\u00bboff\u00bb global_colors_info=\u00bb{}\u00bb][et_pb_row column_structure=\u00bb1_2,1_2&#8243; _builder_version=\u00bb4.27.4&#8243; _module_preset=\u00bbdefault\u00bb width=\u00bb90%\u00bb global_colors_info=\u00bb{}\u00bb][et_pb_column type=\u00bb1_2&#8243; _builder_version=\u00bb4.27.4&#8243; _module_preset=\u00bbdefault\u00bb background_enable_color=\u00bboff\u00bb custom_padding=\u00bb2em|2em|2em|2em|true|true\u00bb custom_padding_tablet=\u00bb0em|0em|0em|0em|true|true\u00bb custom_padding_phone=\u00bb0em|0em|0em|0em|true|true\u00bb custom_padding_last_edited=\u00bbon|tablet\u00bb global_colors_info=\u00bb{}\u00bb][et_pb_text _builder_version=\u00bb4.27.4&#8243; _module_preset=\u00bbdefault\u00bb global_colors_info=\u00bb{}\u00bb]<\/p>\n<h2><em><strong>Fiscal<br \/><\/strong><\/em> Las declaraciones al d\u00eda<\/h2>\n<p>[\/et_pb_text][et_pb_text _builder_version=\u00bb4.27.4&#8243; _module_preset=\u00bbdefault\u00bb global_colors_info=\u00bb{}\u00bb]<\/p>\n<ul>\n<li><strong>Legalizaci\u00f3n dep\u00f3sitos de cuentas y libros en Registro Mercantil<\/strong><\/li>\n<li><strong>Cierre y presentaci\u00f3n de declaraciones trimestrales y\/o anuales con Hacienda<\/strong><\/li>\n<li><strong>Atenci\u00f3n a requerimientos<\/strong><\/li>\n<li><strong>Declaraci\u00f3n de RENTA<\/strong><\/li>\n<\/ul>\n<p>[\/et_pb_text][\/et_pb_column][et_pb_column type=\u00bb1_2&#8243; _builder_version=\u00bb4.27.4&#8243; _module_preset=\u00bbdefault\u00bb custom_padding=\u00bb2em|2em|2em|2em|true|true\u00bb custom_padding_tablet=\u00bb0em|0em|0em|0em|true|true\u00bb custom_padding_phone=\u00bb0em|0em|0em|0em|true|true\u00bb custom_padding_last_edited=\u00bbon|tablet\u00bb global_colors_info=\u00bb{}\u00bb][et_pb_blurb image=\u00bbhttp:\/\/cadmin-gestio.com\/wp-content\/uploads\/cadmin-gestoria-fiscal-dibujo.svg\u00bb image_icon_width=\u00bb220px\u00bb content_max_width=\u00bb100%\u00bb image_icon_width_tablet=\u00bb250px\u00bb image_icon_width_phone=\u00bb200px\u00bb image_icon_width_last_edited=\u00bbon|tablet\u00bb _builder_version=\u00bb4.27.4&#8243; _module_preset=\u00bbdefault\u00bb global_colors_info=\u00bb{}\u00bb]<\/p>\n<p>Nuestro servicio integral de gesti\u00f3n fiscal sirve para que nuestros clientes cumplan con todas sus obligaciones tributarias. Nos encargamos de la legalizaci\u00f3n de dep\u00f3sitos de cuentas y libros en el Registro Mercantil, asegurando una tramitaci\u00f3n sin complicaciones.<\/p>\n<p>Tambi\u00e9n gestionamos el cierre y presentaci\u00f3n de declaraciones trimestrales y anuales con Hacienda, atendemos requerimientos y tramitamos declaraciones de la renta, entre otras gestiones. Con Cadmin tendr\u00e1s la tranquilidad de confiar en un equipo profesional y comprometido con tu empresa.<\/p>\n<p>[\/et_pb_blurb][\/et_pb_column][\/et_pb_row][\/et_pb_section][et_pb_section fb_built=\u00bb1&#8243; module_id=\u00bblaboral\u00bb _builder_version=\u00bb4.27.4&#8243; _module_preset=\u00bbdefault\u00bb background_enable_color=\u00bboff\u00bb use_background_color_gradient=\u00bbon\u00bb background_color_gradient_direction=\u00bb90deg\u00bb background_color_gradient_stops=\u00bb#ffffff 50%|#fdf9ea 50%\u00bb background_image=\u00bbhttp:\/\/cadmin-gestio.com\/wp-content\/uploads\/cadmin-gestoria-laboral-fondo.svg\u00bb background_size=\u00bbinitial\u00bb background_position=\u00bbcenter_right\u00bb custom_margin=\u00bb||2em||false|false\u00bb custom_margin_tablet=\u00bb||0em||false|false\u00bb custom_margin_phone=\u00bb||0em||false|false\u00bb custom_margin_last_edited=\u00bbon|tablet\u00bb custom_padding=\u00bb0px||0px||true|false\u00bb background_last_edited=\u00bbon|phone\u00bb use_background_color_gradient_tablet=\u00bboff\u00bb background_enable_image_tablet=\u00bboff\u00bb background_image_width_tablet=\u00bb200px\u00bb background_image_width_phone=\u00bb200px\u00bb locked=\u00bboff\u00bb global_colors_info=\u00bb{}\u00bb][et_pb_row column_structure=\u00bb1_2,1_2&#8243; _builder_version=\u00bb4.27.4&#8243; _module_preset=\u00bbdefault\u00bb width=\u00bb90%\u00bb global_colors_info=\u00bb{}\u00bb custom_css_main_element_last_edited=\u00bbon|tablet\u00bb custom_css_main_element_tablet=\u00bbdisplay:flex;||flex-flow:column-reverse;\u00bb custom_css_main_element_phone=\u00bbdisplay:flex;||flex-flow:column-reverse;\u00bb][et_pb_column type=\u00bb1_2&#8243; _builder_version=\u00bb4.27.4&#8243; _module_preset=\u00bbdefault\u00bb background_enable_color=\u00bboff\u00bb custom_padding=\u00bb2em|2em|2em|2em|true|true\u00bb custom_padding_tablet=\u00bb0em|0em|0em|0em|true|true\u00bb custom_padding_phone=\u00bb0em|0em|0em|0em|true|true\u00bb custom_padding_last_edited=\u00bbon|tablet\u00bb global_colors_info=\u00bb{}\u00bb][et_pb_blurb image=\u00bbhttp:\/\/cadmin-gestio.com\/wp-content\/uploads\/cadmin-gestoria-laboral-dibujo.svg\u00bb image_icon_width=\u00bb220px\u00bb content_max_width=\u00bb100%\u00bb image_icon_width_tablet=\u00bb250px\u00bb image_icon_width_phone=\u00bb200px\u00bb image_icon_width_last_edited=\u00bbon|phone\u00bb _builder_version=\u00bb4.27.4&#8243; _module_preset=\u00bbdefault\u00bb global_colors_info=\u00bb{}\u00bb]<\/p>\n<p>En Cadmin Gesti\u00f3, ofrecemos un servicio laboral completo que incluye el alta y baja de trabajadores, gesti\u00f3n de n\u00f3minas y contratos. Nos ocupamos de todo para que puedas centrarte en el crecimiento de tu negocio con total tranquilidad.<\/p>\n<p>[\/et_pb_blurb][\/et_pb_column][et_pb_column type=\u00bb1_2&#8243; _builder_version=\u00bb4.27.4&#8243; _module_preset=\u00bbdefault\u00bb custom_padding=\u00bb2em|2em|2em|2em|true|true\u00bb custom_padding_tablet=\u00bb0em|0em|0em|0em|true|true\u00bb custom_padding_phone=\u00bb0em|0em|0em|0em|true|true\u00bb custom_padding_last_edited=\u00bbon|tablet\u00bb global_colors_info=\u00bb{}\u00bb][et_pb_text _builder_version=\u00bb4.27.4&#8243; _module_preset=\u00bbdefault\u00bb global_colors_info=\u00bb{}\u00bb]<\/p>\n<h2><em><strong>Laboral<br \/><\/strong><\/em> Cuida a tu equipo<\/h2>\n<p>[\/et_pb_text][et_pb_text _builder_version=\u00bb4.27.4&#8243; _module_preset=\u00bbdefault\u00bb global_colors_info=\u00bb{}\u00bb]<\/p>\n<ul>\n<li><strong>Alta y Baja trabajadores<\/strong><\/li>\n<li><strong>Gesti\u00f3n de n\u00f3minas y seguros sociales<\/strong><\/li>\n<li><strong>Contratos<\/strong><\/li>\n<\/ul>\n<p>[\/et_pb_text][\/et_pb_column][\/et_pb_row][\/et_pb_section][et_pb_section fb_built=\u00bb1&#8243; _builder_version=\u00bb4.27.4&#8243; _module_preset=\u00bbdefault\u00bb custom_padding=\u00bb0px||0px||true|false\u00bb locked=\u00bboff\u00bb global_colors_info=\u00bb{}\u00bb][et_pb_row _builder_version=\u00bb4.27.4&#8243; _module_preset=\u00bbdefault\u00bb width=\u00bb90%\u00bb custom_margin=\u00bb||0px||false|false\u00bb custom_padding=\u00bb||0px||false|false\u00bb global_colors_info=\u00bb{}\u00bb][et_pb_column type=\u00bb4_4&#8243; _builder_version=\u00bb4.27.4&#8243; _module_preset=\u00bbdefault\u00bb global_colors_info=\u00bb{}\u00bb][et_pb_text _builder_version=\u00bb4.27.4&#8243; _module_preset=\u00bbdefault\u00bb header_2_font_size_tablet=\u00bb\u00bb header_2_font_size_phone=\u00bb30px\u00bb header_2_font_size_last_edited=\u00bbon|phone\u00bb locked=\u00bboff\u00bb global_colors_info=\u00bb{}\u00bb]<\/p>\n<h2 style=\"text-align: center;\">\u00bfTienes alguna <strong>duda<\/strong> ?<\/h2>\n<p>[\/et_pb_text][\/et_pb_column][\/et_pb_row][\/et_pb_section]<\/p>\n","protected":false},"excerpt":{"rendered":"<p>Servicios administrativos Libera tu tiempo Certificado digital Apoyo administraciones p\u00fablicas Gesti\u00f3n de plataformas de documentaci\u00f3n externas Capitalizaci\u00f3n paro Alta aut\u00f3nomos y PYMES, somos centro PAE. En Cadmin Gesti\u00f3 ofrecemos un servicio integral para todas tus gestiones administrativas, adaptado a tus necesidades. Nos encargamos de la tramitaci\u00f3n de documentos oficiales, presentaci\u00f3n de impuestos, obtenci\u00f3n de certificados [&hellip;]<\/p>\n","protected":false},"author":1,"featured_media":0,"parent":0,"menu_order":0,"comment_status":"closed","ping_status":"closed","template":"","meta":{"_et_pb_use_builder":"on","_et_pb_old_content":"","_et_gb_content_width":"","inline_featured_image":false,"footnotes":""},"class_list":["post-407","page","type-page","status-publish","hentry"],"yoast_head":"<!-- This site is optimized with the Yoast SEO plugin v24.8.1 - https:\/\/yoast.com\/wordpress\/plugins\/seo\/ -->\n<title>Servicios contables, fiscales y laborales en Barcelona - Cadmin<\/title>\n<meta name=\"description\" content=\"Explora los servicios de Cadmin: innovamos en fiscalidad, contabilidad y laboral para impulsar pymes y aut\u00f3nomos en Barcelona.\" \/>\n<meta name=\"robots\" content=\"index, follow, max-snippet:-1, max-image-preview:large, max-video-preview:-1\" \/>\n<link rel=\"canonical\" href=\"https:\/\/www.cadmin-gestio.com\/serveis\/\" \/>\n<meta property=\"og:locale\" content=\"es_ES\" \/>\n<meta property=\"og:type\" content=\"article\" \/>\n<meta property=\"og:title\" content=\"Servicios contables, fiscales y laborales en Barcelona - Cadmin\" \/>\n<meta property=\"og:description\" content=\"Explora los servicios de Cadmin: innovamos en fiscalidad, contabilidad y laboral para impulsar pymes y aut\u00f3nomos en Barcelona.\" \/>\n<meta property=\"og:url\" content=\"https:\/\/www.cadmin-gestio.com\/serveis\/\" \/>\n<meta property=\"og:site_name\" content=\"Cadmin\" \/>\n<meta property=\"article:modified_time\" content=\"2025-03-28T08:13:52+00:00\" \/>\n<meta name=\"twitter:card\" content=\"summary_large_image\" \/>\n<meta name=\"twitter:label1\" content=\"Tiempo de lectura\" \/>\n\t<meta name=\"twitter:data1\" content=\"9 minutos\" \/>\n<script type=\"application\/ld+json\" class=\"yoast-schema-graph\">{\"@context\":\"https:\/\/schema.org\",\"@graph\":[{\"@type\":\"WebPage\",\"@id\":\"https:\/\/www.cadmin-gestio.com\/serveis\/\",\"url\":\"https:\/\/www.cadmin-gestio.com\/serveis\/\",\"name\":\"Servicios contables, fiscales y laborales en Barcelona - Cadmin\",\"isPartOf\":{\"@id\":\"https:\/\/www.cadmin-gestio.com\/#website\"},\"datePublished\":\"2025-03-07T08:37:12+00:00\",\"dateModified\":\"2025-03-28T08:13:52+00:00\",\"description\":\"Explora los servicios de Cadmin: innovamos en fiscalidad, contabilidad y laboral para impulsar pymes y aut\u00f3nomos en Barcelona.\",\"breadcrumb\":{\"@id\":\"https:\/\/www.cadmin-gestio.com\/serveis\/#breadcrumb\"},\"inLanguage\":\"es\",\"potentialAction\":[{\"@type\":\"ReadAction\",\"target\":[\"https:\/\/www.cadmin-gestio.com\/serveis\/\"]}]},{\"@type\":\"BreadcrumbList\",\"@id\":\"https:\/\/www.cadmin-gestio.com\/serveis\/#breadcrumb\",\"itemListElement\":[{\"@type\":\"ListItem\",\"position\":1,\"name\":\"Home\",\"item\":\"https:\/\/www.cadmin-gestio.com\/es\/\"},{\"@type\":\"ListItem\",\"position\":2,\"name\":\"Servicios\"}]},{\"@type\":\"WebSite\",\"@id\":\"https:\/\/www.cadmin-gestio.com\/#website\",\"url\":\"https:\/\/www.cadmin-gestio.com\/\",\"name\":\"Cadmin\",\"description\":\"\",\"potentialAction\":[{\"@type\":\"SearchAction\",\"target\":{\"@type\":\"EntryPoint\",\"urlTemplate\":\"https:\/\/www.cadmin-gestio.com\/?s={search_term_string}\"},\"query-input\":{\"@type\":\"PropertyValueSpecification\",\"valueRequired\":true,\"valueName\":\"search_term_string\"}}],\"inLanguage\":\"es\"}]}<\/script>\n<!-- \/ Yoast SEO plugin. -->","yoast_head_json":{"title":"Servicios contables, fiscales y laborales en Barcelona - Cadmin","description":"Explora los servicios de Cadmin: innovamos en fiscalidad, contabilidad y laboral para impulsar pymes y aut\u00f3nomos en Barcelona.","robots":{"index":"index","follow":"follow","max-snippet":"max-snippet:-1","max-image-preview":"max-image-preview:large","max-video-preview":"max-video-preview:-1"},"canonical":"https:\/\/www.cadmin-gestio.com\/serveis\/","og_locale":"es_ES","og_type":"article","og_title":"Servicios contables, fiscales y laborales en Barcelona - Cadmin","og_description":"Explora los servicios de Cadmin: innovamos en fiscalidad, contabilidad y laboral para impulsar pymes y aut\u00f3nomos en Barcelona.","og_url":"https:\/\/www.cadmin-gestio.com\/serveis\/","og_site_name":"Cadmin","article_modified_time":"2025-03-28T08:13:52+00:00","twitter_card":"summary_large_image","twitter_misc":{"Tiempo de lectura":"9 minutos"},"schema":{"@context":"https:\/\/schema.org","@graph":[{"@type":"WebPage","@id":"https:\/\/www.cadmin-gestio.com\/serveis\/","url":"https:\/\/www.cadmin-gestio.com\/serveis\/","name":"Servicios contables, fiscales y laborales en Barcelona - Cadmin","isPartOf":{"@id":"https:\/\/www.cadmin-gestio.com\/#website"},"datePublished":"2025-03-07T08:37:12+00:00","dateModified":"2025-03-28T08:13:52+00:00","description":"Explora los servicios de Cadmin: innovamos en fiscalidad, contabilidad y laboral para impulsar pymes y aut\u00f3nomos en Barcelona.","breadcrumb":{"@id":"https:\/\/www.cadmin-gestio.com\/serveis\/#breadcrumb"},"inLanguage":"es","potentialAction":[{"@type":"ReadAction","target":["https:\/\/www.cadmin-gestio.com\/serveis\/"]}]},{"@type":"BreadcrumbList","@id":"https:\/\/www.cadmin-gestio.com\/serveis\/#breadcrumb","itemListElement":[{"@type":"ListItem","position":1,"name":"Home","item":"https:\/\/www.cadmin-gestio.com\/es\/"},{"@type":"ListItem","position":2,"name":"Servicios"}]},{"@type":"WebSite","@id":"https:\/\/www.cadmin-gestio.com\/#website","url":"https:\/\/www.cadmin-gestio.com\/","name":"Cadmin","description":"","potentialAction":[{"@type":"SearchAction","target":{"@type":"EntryPoint","urlTemplate":"https:\/\/www.cadmin-gestio.com\/?s={search_term_string}"},"query-input":{"@type":"PropertyValueSpecification","valueRequired":true,"valueName":"search_term_string"}}],"inLanguage":"es"}]}},"_links":{"self":[{"href":"https:\/\/www.cadmin-gestio.com\/es\/wp-json\/wp\/v2\/pages\/407","targetHints":{"allow":["GET"]}}],"collection":[{"href":"https:\/\/www.cadmin-gestio.com\/es\/wp-json\/wp\/v2\/pages"}],"about":[{"href":"https:\/\/www.cadmin-gestio.com\/es\/wp-json\/wp\/v2\/types\/page"}],"author":[{"embeddable":true,"href":"https:\/\/www.cadmin-gestio.com\/es\/wp-json\/wp\/v2\/users\/1"}],"replies":[{"embeddable":true,"href":"https:\/\/www.cadmin-gestio.com\/es\/wp-json\/wp\/v2\/comments?post=407"}],"version-history":[{"count":8,"href":"https:\/\/www.cadmin-gestio.com\/es\/wp-json\/wp\/v2\/pages\/407\/revisions"}],"predecessor-version":[{"id":570,"href":"https:\/\/www.cadmin-gestio.com\/es\/wp-json\/wp\/v2\/pages\/407\/revisions\/570"}],"wp:attachment":[{"href":"https:\/\/www.cadmin-gestio.com\/es\/wp-json\/wp\/v2\/media?parent=407"}],"curies":[{"name":"wp","href":"https:\/\/api.w.org\/{rel}","templated":true}]}}